{"id":11039,"date":"2021-08-18T22:42:13","date_gmt":"2021-08-18T22:42:13","guid":{"rendered":"https:\/\/nosotrasenlibertad.com\/libroweb\/?page_id=11039"},"modified":"2021-09-22T01:02:14","modified_gmt":"2021-09-22T01:02:14","slug":"defendemos-devoto-como-sitio-de-memoria","status":"publish","type":"page","link":"https:\/\/nosotrasenlibertad.com\/libroweb\/defendemos-devoto-como-sitio-de-memoria\/","title":{"rendered":"Defendemos Devoto como sitio de memoria"},"content":{"rendered":"\n<h2 class=\"wp-block-heading\"><strong>Buscan evitar la demolici\u00f3n de la c\u00e1rcel de Devoto<\/strong><\/h2>\n\n\n\n<p class=\"bajadaDevoto\">Pese a estar protegida por ley como sitio de memoria, pretenden tirarla abajo<\/p>\n\n\n\n<figure class=\"wp-block-image size-full\"><img decoding=\"async\" width=\"860\" height=\"576\" data-src=\"https:\/\/nosotrasenlibertad.com\/libroweb\/wp-content\/uploads\/2021\/09\/devoto.jpg\" alt=\"\" class=\"wp-image-11521 lazyload\" data-srcset=\"https:\/\/nosotrasenlibertad.com\/libroweb\/wp-content\/uploads\/2021\/09\/devoto.jpg 860w, https:\/\/nosotrasenlibertad.com\/libroweb\/wp-content\/uploads\/2021\/09\/devoto-768x514.jpg 768w\" data-sizes=\"(max-width: 860px) 100vw, 860px\" src=\"data:image\/svg+xml;base64,PHN2ZyB3aWR0aD0iMSIgaGVpZ2h0PSIxIiB4bWxucz0iaHR0cDovL3d3dy53My5vcmcvMjAwMC9zdmciPjwvc3ZnPg==\" style=\"--smush-placeholder-width: 860px; --smush-placeholder-aspect-ratio: 860\/576;\" \/><\/figure>\n\n\n\n<div style=\"height:30px\" aria-hidden=\"true\" class=\"wp-block-spacer\"><\/div>\n\n\n\n<p>Cuando hace memoria Isabel Eckerl, frunce el ce\u00f1o y apoya todos los dedos de su mano derecha arriba de la ceja, como intentando atraer cada dato y episodio que vivi\u00f3 un grupo de ex presas pol\u00edticas en su lucha por lograr que la c\u00e1rcel de Devoto fuera considerada un sitio de memoria y que, en consecuencia, no sea demolida. En esta entrevista relata un largo proceso de construcci\u00f3n de consensos, acciones pol\u00edticas y entendimientos.<\/p>\n\n\n\n<p>Isabel fue militante de las Fuerzas Armadas Revolucionarias (FAR) y dirigente gremial docente en Mar del Plata. Fue detenida el 15 de julio de 1975 y llevada al penal de Olmos. Tras el golpe militar, la trasladaron a la c\u00e1rcel de Devoto. All\u00ed permaneci\u00f3 muchos a\u00f1os, como cientos de sus compa\u00f1eras.<\/p>\n\n\n\n<figure class=\"wp-block-image size-full imgFloat\"><img decoding=\"async\" width=\"400\" height=\"322\" data-src=\"https:\/\/nosotrasenlibertad.com\/libroweb\/wp-content\/uploads\/2021\/09\/dibujo-devoto-3.jpg\" alt=\"\" class=\"wp-image-11532 lazyload\" src=\"data:image\/svg+xml;base64,PHN2ZyB3aWR0aD0iMSIgaGVpZ2h0PSIxIiB4bWxucz0iaHR0cDovL3d3dy53My5vcmcvMjAwMC9zdmciPjwvc3ZnPg==\" style=\"--smush-placeholder-width: 400px; --smush-placeholder-aspect-ratio: 400\/322;\" \/><\/figure>\n\n\n\n<p>El destino tr\u00e1gico de esas mujeres luchadoras se cruz\u00f3 con el de un grupo de presos comunes que el 14 de marzo de 1978 fueron masacrados por los guardias en el pabell\u00f3n s\u00e9ptimo. Murieron sesenta y cinco personas por el fuego y las balas. A\u00f1os despu\u00e9s, la b\u00fasqueda de justicia por lo que luego se conoci\u00f3 como la \u201cMasacre del Pabell\u00f3n S\u00e9ptimo\u201d volvi\u00f3 a cruzar los destinos.<\/p>\n\n\n\n<p>\u201cSe hab\u00eda pensado en la idea de sitio de memoria, pero no se presentaron los papeles. Los que terminaron solicit\u00e1ndolo fueron los integrantes del colectivo Masacre, los sobrevivientes\u201d, relata Isabel.<\/p>\n\n\n\n<p>Algunas ex presas pol\u00edticas aportaron su testimonio a la Justicia para desarmar el relato oficial que dec\u00eda que se hab\u00eda tratado de un violento mot\u00edn, \u201cel mot\u00edn de los colchones\u201d. Y la abogada querellante Claudia Cesaroni logr\u00f3 que fuera considerado de Lesa Humanidad.<\/p>\n\n\n\n<p>\u201cDeclaramos contando situaciones de c\u00f3mo las mismas autoridades que decid\u00edan sobre nosotros tambi\u00e9n lo hac\u00edan sobre los presos sociales. Decid\u00edan sobre todo el predio de la c\u00e1rcel de Devoto\u201d, explica Isabel.<\/p>\n\n\n\n<p>En octubre de 2012 fue se\u00f1alizada como sitio de memoria y el 5 de mayo de 2015 se incorpor\u00f3 al Registro de Sitios de Memoria, quedando as\u00ed bajo la protecci\u00f3n de la ley 26.691 de \u201cPreservaci\u00f3n, se\u00f1alizaci\u00f3n y difusi\u00f3n de sitios de memoria del Terrorismo de Estado\u201d.<\/p>\n\n\n\n<p>Pero a\u00f1os despu\u00e9s algo ocurri\u00f3: \u201cEl 12 de marzo de 2018,&nbsp; entre gallos y medianoche y sin difusi\u00f3n p\u00fablica, se firma un convenio entre el gobierno de la Ciudad de Buenos Aires, el Ministerio de Justicia y Derechos Humanos de la Naci\u00f3n y la Agencia de Administraci\u00f3n de Bienes del Estado, votado en la Legislatura, en el que la Ciudad se compromete a pagar una c\u00e1rcel en la provincia de Buenos Aires, en Marcos Paz, a cambio de que el Estado nacional le ceda el predio para tirar abajo la c\u00e1rcel y usar el espacio. No est\u00e1 definido para qu\u00e9\u201d, dice Isabel.<\/p>\n\n\n\n<figure class=\"wp-block-image size-full mf\"><img decoding=\"async\" width=\"860\" height=\"507\" data-src=\"https:\/\/nosotrasenlibertad.com\/libroweb\/wp-content\/uploads\/2021\/09\/dibujo-devoto-1.jpg\" alt=\"\" class=\"wp-image-11528 lazyload\" data-srcset=\"https:\/\/nosotrasenlibertad.com\/libroweb\/wp-content\/uploads\/2021\/09\/dibujo-devoto-1.jpg 860w, https:\/\/nosotrasenlibertad.com\/libroweb\/wp-content\/uploads\/2021\/09\/dibujo-devoto-1-768x453.jpg 768w\" data-sizes=\"(max-width: 860px) 100vw, 860px\" src=\"data:image\/svg+xml;base64,PHN2ZyB3aWR0aD0iMSIgaGVpZ2h0PSIxIiB4bWxucz0iaHR0cDovL3d3dy53My5vcmcvMjAwMC9zdmciPjwvc3ZnPg==\" style=\"--smush-placeholder-width: 860px; --smush-placeholder-aspect-ratio: 860\/507;\" \/><\/figure>\n\n\n\n<div style=\"height:30px\" aria-hidden=\"true\" class=\"wp-block-spacer\"><\/div>\n\n\n\n<p><strong>Para conservar la memoria<\/strong><\/p>\n\n\n\n<p>La lucha volvi\u00f3 a convocar a estas mujeres, que ten\u00edan claro que el lugar deb\u00eda preservarse aunque hab\u00eda diversidad de opiniones sobre qu\u00e9 hacer en el lugar y c\u00f3mo avanzar. Esto las llev\u00f3 a un proceso de construcci\u00f3n colectiva mucho m\u00e1s amplio y que no se priv\u00f3 de discusiones acaloradas.<\/p>\n\n\n\n<p>El rostro serio y concentrado de Isabel haciendo memoria de datos se distiende cuando recuerda una de las tantas reuniones en el bar de la avenida de Mayo, 36 billares, cuando elevaban la voz como si estuvieran en sus casas: \u201cUno de los muchachos que jugaba al villar nos dijo \u2018bueno, bueno chicas que no est\u00e1n solas\u201d, cuenta entre risas.<\/p>\n\n\n\n<p>Y contin\u00faa el relato del camino recorrido: \u201cConversamos nuevamente con la gente de Pabell\u00f3n S\u00e9ptimo y los docentes que trabajan en Devoto\u201d.<\/p>\n\n\n\n<p>Los aires pol\u00edticos del gobierno de la Ciudad no eran los m\u00e1s favorables para la causa pero eso no las detuvo: \u201cEs toda una concepci\u00f3n y nosotros deb\u00edamos encararlo desde la ampliaci\u00f3n del estado de derecho\u201d, afirma Isabel.<\/p>\n\n\n\n<p>Las mujeres investigaron y averiguaron que \u201cen el mundo hay varios casos de c\u00e1rceles que hab\u00edan sido cerradas y se recuperaron <strong>(Ver cuadro aparte)<\/strong>. El planteo es que recuperamos a Devoto como sitio de memoria. No ponemos especial \u00e9nfasis en si se vac\u00eda o no pero somos solidarias en la posici\u00f3n que mientras no exista en la ciudad otro lugar no hay que sacar a los presos de all\u00ed. El \u00e9nfasis es en el sostenimiento del edificio\u201d, explica.<\/p>\n\n\n\n<p>Tambi\u00e9n se contactaron con personas que viven en las inmediaciones de la c\u00e1rcel: \u201cAlgunos vecinos quieren que se tire todo pero otros no, porque tampoco desean que les construyan enormes edificios en su barrio\u201d, relata Isabel.<\/p>\n\n\n\n<figure class=\"wp-block-image size-full imgFloat\"><img decoding=\"async\" width=\"400\" height=\"543\" data-src=\"https:\/\/nosotrasenlibertad.com\/libroweb\/wp-content\/uploads\/2021\/09\/dibujo-devoto-2.jpg\" alt=\"\" class=\"wp-image-11529 lazyload\" src=\"data:image\/svg+xml;base64,PHN2ZyB3aWR0aD0iMSIgaGVpZ2h0PSIxIiB4bWxucz0iaHR0cDovL3d3dy53My5vcmcvMjAwMC9zdmciPjwvc3ZnPg==\" style=\"--smush-placeholder-width: 400px; --smush-placeholder-aspect-ratio: 400\/543;\" \/><\/figure>\n\n\n\n<p>La b\u00fasqueda de la conservaci\u00f3n de Devoto las ha llevado hasta las oficinas de funcionarios y legisladores. Incluso ante el juez federal Daniel Rafecas, que dispuso la elevaci\u00f3n a juicio de la Masacre del Pabell\u00f3n S\u00e9ptimo y escuch\u00f3 las ideas de estas mujeres. El trabajo realizado hizo que el tema fuera tomado por el Frente de Todos en la Ciudad de Buenos Aires y lo incluyera en su plataforma electoral de las elecciones de 2019.<\/p>\n\n\n\n<p>La parada m\u00e1s conmovedora que tuvo este recorrido fue la de volver a ingresar en Devoto. Es que todo este proceso requer\u00eda que las ex presas pol\u00edticas que habitaron ese lugar reconocieran planos y espacios. Isabel ya hab\u00eda estado en otras dos oportunidades pero la entrada de 2019 \u201cfue la primera que hicimos con compa\u00f1eras, juntas. Fue muy emocionante\u201d, recuerda.<\/p>\n\n\n\n<p>Una tarde de octubre de 2019 se reunieron en el exterior de la c\u00e1rcel y esperaron a que llegaran todas. Cuando las puertas se abrieron, para algunas, la sensaci\u00f3n fue paralizante. Pero enseguida pasaron al lugar donde se hacen los registros y luego atravesaron un patio.<\/p>\n\n\n\n<p>Algunas fueron a las plantas seis y cinco, el celular quinto donde funcionaban los llamados chanchos y ahora hay celdas para cuatro. Muchas se acordaban de todo e iban marcando lugares, puertas y ventanas. Y advert\u00edan cosas que ya no estaban. Al ver a los presos una de las compa\u00f1eras, Berta, golpe\u00f3 sus manos y dijo: \u201cA ver \u00bfnos escuchan? Compa\u00f1eros \u2026\u201d y relat\u00f3 el motivo de la presencia de todas ellas en la c\u00e1rcel. Todos se juntaron alrededor de un mes\u00f3n, en un espacio que ellas recordaban m\u00e1s amplio, y escucharon atentamente.<\/p>\n\n\n\n<p>\u201cYo fui al cuarto y al segundo y en ese momento hab\u00eda uno por celda. Los ventanales que est\u00e1n al fondo del pabell\u00f3n est\u00e1n m\u00e1s grandes y las mesadas que eran grises est\u00e1n pintadas de color claro\u201d, recuerda Isabel.<\/p>\n\n\n\n<p>Aquel d\u00eda esas mujeres salieron de Devoto con la misma convicci\u00f3n que cuando recuperaron su libertad: la necesidad de buscar verdad y justicia y conservar la memoria. Para esto, es necesario que la c\u00e1rcel de Devoto no sea demolida.<\/p>\n\n\n\n<div style=\"height:100px\" aria-hidden=\"true\" class=\"wp-block-spacer\"><\/div>\n\n\n\n<div class=\"wp-block-columns recuadro1 is-layout-flex wp-container-core-columns-is-layout-9d6595d7 wp-block-columns-is-layout-flex\">\n<div class=\"wp-block-column is-layout-flow wp-block-column-is-layout-flow\">\n<h2 class=\"wp-block-heading\"><strong>Otras c\u00e1rceles que se conservan<\/strong><\/h2>\n\n\n\n<div class=\"wp-block-columns is-layout-flex wp-container-core-columns-is-layout-9d6595d7 wp-block-columns-is-layout-flex\">\n<div class=\"wp-block-column dosColsRecuadro is-layout-flow wp-block-column-is-layout-flow\">\n<p>El Establecimiento Penitenciario N 1, conocido como penal de San Mart\u00edn, C\u00f3rdoba, cerr\u00f3 sus puertas el 12 de abril de 2015. Se encuentra ubicado en la calle Colombres al 1300, fue dise\u00f1ada por el arquitecto italiano Francesco Tamburini y se inaugur\u00f3 en \u00a01895.<\/p>\n\n\n\n<p>Fue conocida como una de las c\u00e1rceles m\u00e1s duras del pa\u00eds. Durante la dictadura c\u00edvico-militar alberg\u00f3 a presos pol\u00edticos y funcion\u00f3 como una suerte de campo de concentraci\u00f3n en el que hubo hasta fusilamientos. Estuvo a cargo el Tercer Cuerpo del Ej\u00e9rcito. En 2005 se desat\u00f3 un cruento mot\u00edn que termin\u00f3 con ocho muertos. Hab\u00eda 1670 internos y el espacio era para 870.<\/p>\n\n\n\n<p>En la actualidad, es patrimonio de la ciudad de C\u00f3rdoba y se trabaja en su remodelaci\u00f3n para el funcionamiento de un parque y un centro cultural y recreativo.<\/p>\n\n\n\n<p>En Dublin, Irlanda del Norte, la prisi\u00f3n de piedra Kilmainham Gaol, cerrada en 1924, se ha convertido en un monumento al nacionalismo irland\u00e9s. Las injusticias y crueldades perpetradas en ese lugar fueron el germen del nacimiento de la Rep\u00fablica de Irlanda. Por all\u00ed pasaron muchos luchadores sociales y algunos fueron ejecutados all\u00ed.<\/p>\n\n\n\n<p>El \u00faltimo preso fue \u00c9amon de Valera que sali\u00f3 de la c\u00e1rcel el 16 de julio de 1924. A\u00f1os despu\u00e9s, fue primer ministro en varias ocasiones y presidente de Irlanda.<\/p>\n\n\n\n<p>Tras el cierre la edificaci\u00f3n permaneci\u00f3 abandonada hasta la d\u00e9cada del &#8217;60, cuando se cre\u00f3 un comit\u00e9 de voluntarios para restaurar el sitio. El trabajo se extendi\u00f3 por casi treinta a\u00f1os y en la actualidad es un museo para recorrer.<\/p>\n\n\n\n<p>La c\u00e1rcel Modelo de Barcelona, Espa\u00f1a, funcion\u00f3 entre junio de 1904 y 2017. Se plante\u00f3 como un centro penitenciario \u201cejemplar\u201d, de ah\u00ed su nombre.<\/p>\n\n\n\n<p>Tras la guerra civil y durante la dictadura de Franco confin\u00f3 a miles de presos pol\u00edticos. Aunque el proyecto original era para una persona por celda, durante el Franquismo se alojaban entre catorce y dieciseis hombres por cada una.<\/p>\n\n\n\n<p>En el interior de sus muros ocurrieron muchas ejecuciones a garrote vil, un instrumento de tortura y ejecuci\u00f3n que hab\u00eda instrumentado Jos\u00e9 Bonaparte.<\/p>\n\n\n\n<p>Actualmente el lugar puede ser visitado con gu\u00edas a modo de museo y existen varios proyectos para realizar distintas cosas en el lugar.<\/p>\n<\/div>\n<\/div>\n<\/div>\n<\/div>\n\n\n\n<div class=\"wp-block-columns recuadro1 is-layout-flex wp-container-core-columns-is-layout-9d6595d7 wp-block-columns-is-layout-flex\">\n<div class=\"wp-block-column is-layout-flow wp-block-column-is-layout-flow\">\n<h2 class=\"wp-block-heading\"><strong>El camino inverso <\/strong><\/h2>\n\n\n\n<div class=\"wp-block-columns is-layout-flex wp-container-core-columns-is-layout-9d6595d7 wp-block-columns-is-layout-flex\">\n<div class=\"wp-block-column dosColsRecuadro is-layout-flow wp-block-column-is-layout-flow\">\n<p>Fue el camino inverso: desde el bar de la esquina, que no era el mismo, cruzar la calle Berm\u00fadez y&nbsp; abrazar a las compa\u00f1eras que iban llegando para esta cita. S\u00f3lo algunas de tantas, que esa ma\u00f1ana de primavera tomamos coraje para entrar.<\/p>\n\n\n\n<p>El ruido del port\u00f3n de chapa que se abr\u00eda dispar\u00f3 tantos recuerdos. La amabilidad para recibirnos, por parte del personal penitenciario, e invitarnos a ingresar no fue la misma que aquella vez cuando tambi\u00e9n se abri\u00f3 el port\u00f3n del lado de adentro y con unas pocas pertenencias varias de nosotras atravesamos la salida hacia la libertad.<\/p>\n\n\n\n<p>Han pasado cuarenta a\u00f1os, volver al penal era como retroceder la pel\u00edcula.<\/p>\n\n\n\n<p>Lentamente fuimos atravesando rejas y pasillos. El olor era el mismo, los ruidos, todo volv\u00eda<\/p>\n\n\n\n<p>Nuestra misi\u00f3n era reconocer cada espacio, cada hueco, por donde transitamos aquellos a\u00f1os las m\u00e1s de mil doscientas mujeres all\u00ed alojadas, las que sobrevivimos al peor momento de nuestra historia en el pa\u00eds.<\/p>\n\n\n\n<p>El camino segu\u00eda siendo inverso,&nbsp; subiendo las escaleras que nos llevaban a los pabellones que&nbsp; inc\u00f3modamente hab\u00edamos subido y bajado con las manos atr\u00e1s por aquellos a\u00f1os y que ahora lo hac\u00edamos sin esposas,&nbsp; sin represi\u00f3n.<\/p>\n\n\n\n<p>La historia nos ubic\u00f3 de este lado y nos pide a gritos que no olvidemos y nos recuerda que hacer memoria de cada&nbsp; sitio es nuestra responsabilidad por las compa\u00f1eras que aqu\u00ed quedaron, por la Masacre del Pabell\u00f3n S\u00e9ptimo y por cientos&nbsp; de historias que se tejieron entre estos muros.&nbsp;&nbsp;&nbsp;&nbsp;<\/p>\n<\/div>\n<\/div>\n\n\n\n<div class=\"wp-block-columns is-layout-flex wp-container-core-columns-is-layout-9d6595d7 wp-block-columns-is-layout-flex\">\n<div class=\"wp-block-column is-layout-flow wp-block-column-is-layout-flow\">\n<figure class=\"wp-block-image size-full\"><img decoding=\"async\" width=\"600\" height=\"400\" data-src=\"https:\/\/nosotrasenlibertad.com\/libroweb\/wp-content\/uploads\/2021\/09\/visita-devoto-1.jpg\" alt=\"\" class=\"wp-image-11539 lazyload\" src=\"data:image\/svg+xml;base64,PHN2ZyB3aWR0aD0iMSIgaGVpZ2h0PSIxIiB4bWxucz0iaHR0cDovL3d3dy53My5vcmcvMjAwMC9zdmciPjwvc3ZnPg==\" style=\"--smush-placeholder-width: 600px; --smush-placeholder-aspect-ratio: 600\/400;\" \/><\/figure>\n<\/div>\n\n\n\n<div class=\"wp-block-column is-layout-flow wp-block-column-is-layout-flow\">\n<figure class=\"wp-block-image size-full\"><img decoding=\"async\" width=\"600\" height=\"400\" data-src=\"https:\/\/nosotrasenlibertad.com\/libroweb\/wp-content\/uploads\/2021\/09\/visita-devoto-2.jpg\" alt=\"\" class=\"wp-image-11540 lazyload\" src=\"data:image\/svg+xml;base64,PHN2ZyB3aWR0aD0iMSIgaGVpZ2h0PSIxIiB4bWxucz0iaHR0cDovL3d3dy53My5vcmcvMjAwMC9zdmciPjwvc3ZnPg==\" style=\"--smush-placeholder-width: 600px; --smush-placeholder-aspect-ratio: 600\/400;\" \/><\/figure>\n<\/div>\n<\/div>\n<\/div>\n<\/div>\n\n\n\n<div style=\"height:100px\" aria-hidden=\"true\" class=\"wp-block-spacer\"><\/div>\n\n\n\n<p><div class=\"menuPiePaginas\">\n\t\t<div class=\"anterior\"><a href=\"https:\/\/nosotrasenlibertad.com\/libroweb\/2006-presentamos-nuestro-libro\/\">2006 Presentamos nuestro libro<\/a><\/div>\n\t\t<div class=\"siguiente\"><a href=\"https:\/\/nosotrasenlibertad.com\/libroweb\/2019-nos-reencontramos\/\">2019 Nos reencontramos<\/a><\/div>\n\t<\/div><\/p>\n","protected":false},"excerpt":{"rendered":"<p>Buscan evitar la demolici\u00f3n de la c\u00e1rcel de Devoto Pese a estar protegida por ley como sitio de memoria, pretenden tirarla abajo Cuando hace memoria Isabel Eckerl, frunce el ce\u00f1o y apoya todos los dedos de su mano derecha arriba de la ceja, como intentando atraer cada dato y episodio que vivi\u00f3 un grupo de [&hellip;]<\/p>\n","protected":false},"author":1,"featured_media":0,"parent":0,"menu_order":0,"comment_status":"closed","ping_status":"closed","template":"pg-estaticas.php","meta":{"_acf_changed":false,"footnotes":""},"class_list":["post-11039","page","type-page","status-publish","hentry"],"acf":[],"_links":{"self":[{"href":"https:\/\/nosotrasenlibertad.com\/libroweb\/wp-json\/wp\/v2\/pages\/11039","targetHints":{"allow":["GET"]}}],"collection":[{"href":"https:\/\/nosotrasenlibertad.com\/libroweb\/wp-json\/wp\/v2\/pages"}],"about":[{"href":"https:\/\/nosotrasenlibertad.com\/libroweb\/wp-json\/wp\/v2\/types\/page"}],"author":[{"embeddable":true,"href":"https:\/\/nosotrasenlibertad.com\/libroweb\/wp-json\/wp\/v2\/users\/1"}],"replies":[{"embeddable":true,"href":"https:\/\/nosotrasenlibertad.com\/libroweb\/wp-json\/wp\/v2\/comments?post=11039"}],"version-history":[{"count":24,"href":"https:\/\/nosotrasenlibertad.com\/libroweb\/wp-json\/wp\/v2\/pages\/11039\/revisions"}],"predecessor-version":[{"id":12328,"href":"https:\/\/nosotrasenlibertad.com\/libroweb\/wp-json\/wp\/v2\/pages\/11039\/revisions\/12328"}],"wp:attachment":[{"href":"https:\/\/nosotrasenlibertad.com\/libroweb\/wp-json\/wp\/v2\/media?parent=11039"}],"curies":[{"name":"wp","href":"https:\/\/api.w.org\/{rel}","templated":true}]}}