{"id":237,"date":"2021-03-31T15:08:34","date_gmt":"2021-03-31T15:08:34","guid":{"rendered":"https:\/\/nosotrasenlibertad.com\/libroweb\/?page_id=237"},"modified":"2021-10-05T23:04:50","modified_gmt":"2021-10-05T23:04:50","slug":"entre-sierras-valles-y-rios","status":"publish","type":"page","link":"https:\/\/nosotrasenlibertad.com\/libroweb\/entre-sierras-valles-y-rios\/","title":{"rendered":"Entre sierras, valles y r\u00edos"},"content":{"rendered":"\n<figure class=\"wp-block-table\"><table><tbody><tr><td><\/td><td><\/td><\/tr><tr><td>Silvia <strong>Di Cola <\/strong><\/td><td><a href=\"https:\/\/nosotrasenlibertad.com\/libroweb\/romantica-y-peleadora\/\" data-type=\"post\" data-id=\"513\">Rom\u00e1ntica y peleadora<\/a><\/td><\/tr><tr><td>Olga del Carmen <strong>Garc\u00eda<\/strong><\/td><td><a href=\"https:\/\/nosotrasenlibertad.com\/libroweb\/a-mi-nieto-por-nacer\/\" data-type=\"post\" data-id=\"530\">A mi nieto por nacer<\/a><\/td><\/tr><tr><td>Ana Mirtha <strong>Marciale<\/strong><\/td><td><a href=\"https:\/\/nosotrasenlibertad.com\/libroweb\/cuba-en-mi-recuerdo\/\" data-type=\"URL\" data-id=\"https:\/\/nosotrasenlibertad.com\/libroweb\/cuba-en-mi-recuerdo\/\">Cuba en mi recuerdo<\/a><\/td><\/tr><tr><td>Ana Mirtha <strong>Marciale<\/strong><\/td><td><a href=\"https:\/\/nosotrasenlibertad.com\/libroweb\/una-bomba-en-el-juzgado\/\" data-type=\"post\" data-id=\"546\">Una bomba en el juzgado<\/a><\/td><\/tr><tr><td>Mar\u00eda Adela <strong>Barraza<\/strong><\/td><td><a href=\"https:\/\/nosotrasenlibertad.com\/libroweb\/animarse\/\" data-type=\"URL\" data-id=\"https:\/\/nosotrasenlibertad.com\/libroweb\/animarse\/\">Animarse<\/a><\/td><\/tr><tr><td>M\u00f3nica <strong>Pi\u00f1eiro<\/strong><\/td><td><a href=\"https:\/\/nosotrasenlibertad.com\/libroweb\/la-urdimbre\/\" data-type=\"post\" data-id=\"483\">La urdimbre<\/a><\/td><\/tr><tr><td>M\u00f3nica <strong>Pi\u00f1eiro<\/strong><\/td><td><a href=\"https:\/\/nosotrasenlibertad.com\/libroweb\/paralelismos\/\" data-type=\"URL\" data-id=\"https:\/\/nosotrasenlibertad.com\/libroweb\/paralelismos\/\">Paralelismos<\/a><\/td><\/tr><tr><td>Miriam Liliana <strong>Salvador<\/strong><\/td><td><a href=\"https:\/\/nosotrasenlibertad.com\/libroweb\/mis-pasos\/\" data-type=\"post\" data-id=\"570\">Mis pasos<\/a><\/td><\/tr><tr><td>Mar\u00eda Beatriz <strong>Castillo<\/strong><\/td><td><a href=\"https:\/\/nosotrasenlibertad.com\/libroweb\/el-pocito\/\" data-type=\"post\" data-id=\"502\">El pocito<\/a><\/td><\/tr><tr><td>Adriana <strong>Corsaletti<\/strong><\/td><td><a href=\"https:\/\/nosotrasenlibertad.com\/libroweb\/motorcito-propio\/\" data-type=\"URL\" data-id=\"https:\/\/nosotrasenlibertad.com\/libroweb\/motorcito-propio\/\">Motorcito propio<\/a><\/td><\/tr><tr><td>Nidia <strong>Giacumino<\/strong><\/td><td><a href=\"https:\/\/nosotrasenlibertad.com\/libroweb\/ilusiones-y-desilusiones\/\" data-type=\"URL\" data-id=\"https:\/\/nosotrasenlibertad.com\/libroweb\/ilusiones-y-desilusiones\/\">Ilusiones y desilusiones<\/a><\/td><\/tr><tr><td>Alicia <strong>Varillas<\/strong><\/td><td><a href=\"https:\/\/nosotrasenlibertad.com\/libroweb\/en-el-aula\/\" data-type=\"post\" data-id=\"617\">En el aula<\/a><\/td><\/tr><tr><td>Elda <strong>Toranzo<\/strong><\/td><td><a href=\"https:\/\/nosotrasenlibertad.com\/libroweb\/mi-hermano\/\" data-type=\"post\" data-id=\"614\">Mi hermano<\/a> <\/td><\/tr><tr><td>Amalia <strong>Antonini<\/strong><\/td><td><a href=\"https:\/\/nosotrasenlibertad.com\/libroweb\/de-lo-que-estoy-construida\/\" data-type=\"post\" data-id=\"486\">De lo que estoy construida<\/a><\/td><\/tr><tr><td>Ana <strong>Cavadini<\/strong><\/td><td><a href=\"https:\/\/nosotrasenlibertad.com\/libroweb\/gratitud\/\" data-type=\"post\" data-id=\"504\">Gratitud<\/a><\/td><\/tr><tr><td>Liliana Beatriz <strong>Teplitzky<\/strong><\/td><td><a href=\"https:\/\/nosotrasenlibertad.com\/libroweb\/una-experiencia-asamblearia\/\" data-type=\"URL\" data-id=\"https:\/\/nosotrasenlibertad.com\/libroweb\/una-experiencia-asamblearia\/\">Una experiencia asamblearia<\/a><\/td><\/tr><tr><td>Mar\u00eda <strong>Llorens<\/strong><\/td><td><a href=\"https:\/\/nosotrasenlibertad.com\/libroweb\/la-voz-de-villa-del-parque\/\" data-type=\"URL\" data-id=\"https:\/\/nosotrasenlibertad.com\/libroweb\/la-voz-de-villa-del-parque\/\">La Voz de Villa del Parque<\/a><\/td><\/tr><tr><td>Elba <strong>Balestri<\/strong><\/td><td><a href=\"https:\/\/nosotrasenlibertad.com\/libroweb\/alfonsinas\/\" data-type=\"URL\" data-id=\"https:\/\/nosotrasenlibertad.com\/libroweb\/alfonsinas\/\">Alfonsinas<\/a><\/td><\/tr><tr><td>Mar\u00eda Celeste <strong>Seydell<\/strong><\/td><td><a href=\"https:\/\/nosotrasenlibertad.com\/libroweb\/una-causa-invencible\/\" data-type=\"URL\" data-id=\"https:\/\/nosotrasenlibertad.com\/libroweb\/una-causa-invencible\/\">Una causa invencible<\/a><\/td><\/tr><tr><td>Mar\u00eda Celeste <strong>Seydell<\/strong><\/td><td><a href=\"https:\/\/nosotrasenlibertad.com\/libroweb\/el-lenguaje-del-carino\/\" data-type=\"post\" data-id=\"593\">El lenguaje del cari\u00f1o<\/a><\/td><\/tr><tr><td>In\u00e9s Del Carmen <strong>Bruno Flores<\/strong><\/td><td><a href=\"https:\/\/nosotrasenlibertad.com\/libroweb\/soy-mujer\/\" data-type=\"URL\" data-id=\"https:\/\/nosotrasenlibertad.com\/libroweb\/soy-mujer\/\">Soy mujer<\/a><\/td><\/tr><tr><td>In\u00e9s Del Carmen<strong> Bruno Flores<\/strong><\/td><td><a href=\"https:\/\/nosotrasenlibertad.com\/libroweb\/caer-y-levantarse\/\" data-type=\"post\" data-id=\"627\">Caer y levantarse<\/a><\/td><\/tr><tr><td>Patricia <strong>Bardach<\/strong><\/td><td><a href=\"https:\/\/nosotrasenlibertad.com\/libroweb\/suenos-colectivos\/\" data-type=\"post\" data-id=\"492\">Sue\u00f1os colectivos<\/a><\/td><\/tr><tr><td>Eva <strong>Zamora<\/strong><\/td><td><a href=\"https:\/\/nosotrasenlibertad.com\/libroweb\/la-villa-noticias-del-barrio\/\" data-type=\"URL\" data-id=\"https:\/\/nosotrasenlibertad.com\/libroweb\/la-villa-noticias-del-barrio\/\"><em>La Villa, noticias del barrio<\/em><\/a><\/td><\/tr><tr><td>Estela Mar\u00eda <strong>Escobar<\/strong><\/td><td><a href=\"https:\/\/nosotrasenlibertad.com\/libroweb\/la-casita\/\">La casita<\/a><\/td><\/tr><tr><td>Cristina <strong>Mola<\/strong><\/td><td><a href=\"https:\/\/nosotrasenlibertad.com\/libroweb\/diplomas-de-la-vida\/\" data-type=\"URL\" data-id=\"https:\/\/nosotrasenlibertad.com\/libroweb\/diplomas-de-la-vida\/\">Diplomas de la vida<\/a><\/td><\/tr><tr><td>Mar\u00eda Lidia <strong>Piotti<\/strong><\/td><td><a href=\"https:\/\/nosotrasenlibertad.com\/libroweb\/taller-julio-cortazar\/\" data-type=\"post\" data-id=\"556\">Taller Julio Cort\u00e1zar<\/a><\/td><\/tr><tr><td>Mar\u00eda Lidia <strong>Piotti<\/strong><\/td><td><a href=\"https:\/\/nosotrasenlibertad.com\/libroweb\/red-buhito\/\" data-type=\"post\" data-id=\"630\">Red Buhito<\/a> <\/td><\/tr><tr><td>Elida Josefa <strong>Eichenberg<\/strong><\/td><td><a href=\"https:\/\/nosotrasenlibertad.com\/libroweb\/expresion-teatral-en-la-escuela\/\" data-type=\"post\" data-id=\"519\">Expresi\u00f3n teatral en la escuela<\/a><\/td><\/tr><tr><td>Elida Josefa <strong>Eichenberg<\/strong><\/td><td><a href=\"https:\/\/nosotrasenlibertad.com\/libroweb\/derechos-humanos-y-biodanza\/\" data-type=\"URL\" data-id=\"https:\/\/nosotrasenlibertad.com\/libroweb\/derechos-humanos-y-biodanza\/\">Derechos  humanos y Biodanza<\/a><\/td><\/tr><tr><td>Ana <strong>Mohaded<\/strong><\/td><td><a href=\"https:\/\/nosotrasenlibertad.com\/libroweb\/las-maquinas-de-hacer-luz\/\" data-type=\"post\" data-id=\"548\">Las m\u00e1quinas de hacer luz<\/a><\/td><\/tr><tr><td>Letizia <strong>Raggiotti<\/strong><\/td><td><a href=\"https:\/\/nosotrasenlibertad.com\/libroweb\/por-un-camino-y-una-siembra\/\" data-type=\"URL\" data-id=\"https:\/\/nosotrasenlibertad.com\/libroweb\/por-un-camino-y-una-siembra\/\">Por un camino y una siembra<\/a><\/td><\/tr><tr><td>Cristina <strong>D\u00edaz<\/strong><\/td><td><a href=\"https:\/\/nosotrasenlibertad.com\/libroweb\/recuerdos\/\" data-type=\"post\" data-id=\"516\">Recuerdos<\/a><\/td><\/tr><tr><td>Susana <strong>G\u00f3mez<\/strong><\/td><td><a href=\"https:\/\/nosotrasenlibertad.com\/libroweb\/no-podemos-estar-ausentes\/\" data-type=\"URL\" data-id=\"https:\/\/nosotrasenlibertad.com\/libroweb\/no-podemos-estar-ausentes\/\">No podemos estar ausentes<\/a><\/td><\/tr><tr><td>Sara <strong>Waitman<\/strong><\/td><td><a href=\"https:\/\/nosotrasenlibertad.com\/libroweb\/construyendo-caminos\/\" data-type=\"post\" data-id=\"622\">Construyendo caminos<\/a> <\/td><\/tr><tr><td>Susana&nbsp;<strong>Strausz<\/strong><\/td><td><a href=\"https:\/\/nosotrasenlibertad.com\/libroweb\/yo-ex-presa-politica\/\" data-type=\"URL\" data-id=\"https:\/\/nosotrasenlibertad.com\/libroweb\/yo-ex-presa-politica\/\">Yo, ex presa pol\u00edtica<\/a><\/td><\/tr><tr><td>Norma Susana <strong>San Nicol\u00e1s<\/strong><\/td><td><a href=\"https:\/\/nosotrasenlibertad.com\/libroweb\/la-vida-y-la-politica\/\" data-type=\"post\" data-id=\"581\">La vida y la pol\u00edtica<\/a><\/td><\/tr><tr><td>Alicia&nbsp;<strong>Schiavoni<\/strong><\/td><td><a href=\"https:\/\/nosotrasenlibertad.com\/libroweb\/entre-argentina-e-italia\/\" data-type=\"post\" data-id=\"589\">Entre Argentina e Italia<\/a><\/td><\/tr><tr><td>Liliana, Betty y Susana <strong>Deutch<\/strong><\/td><td><a href=\"https:\/\/nosotrasenlibertad.com\/libroweb\/los-bolsos-de-la-esperanza\/\">Los bolsos de la esperanza<\/a><\/td><\/tr><tr><td>Mar\u00eda Teresa <strong>S\u00e1nchez<\/strong><\/td><td><a href=\"https:\/\/nosotrasenlibertad.com\/libroweb\/cuarenta-anos-y-seis-meses-despues\/\" data-type=\"post\" data-id=\"584\">Cuarenta a\u00f1os y seis meses despu\u00e9s<\/a><\/td><\/tr><tr><td>Elia&nbsp;<strong>Sal\u00eds<\/strong><\/td><td><a href=\"https:\/\/nosotrasenlibertad.com\/libroweb\/otra-vida-la-misma-pero-distinta\/\" data-type=\"URL\" data-id=\"https:\/\/nosotrasenlibertad.com\/libroweb\/otra-vida-la-misma-pero-distinta\/\">Otra vida, la misma pero distinta<\/a><\/td><\/tr><tr><td>Norma&nbsp;<strong>San Nicol\u00e1s<\/strong><\/td><td><a href=\"https:\/\/nosotrasenlibertad.com\/libroweb\/irma-fuentes-una-de-nosotras\/\" data-type=\"post\" data-id=\"573\">Irma Fuentes, una de nosotras<\/a><\/td><\/tr><tr><td>Letizia <strong>Raggiotti<\/strong><\/td><td><a href=\"https:\/\/nosotrasenlibertad.com\/libroweb\/inventarios-y-algo-mas\/\" data-type=\"post\" data-id=\"563\">Inventarios y algo m\u00e1s<\/a><\/td><\/tr><\/tbody><\/table><\/figure>\n\n\n\n<p><\/p>\n","protected":false},"excerpt":{"rendered":"<p>Silvia Di Cola Rom\u00e1ntica y peleadora Olga del Carmen Garc\u00eda A mi nieto por nacer Ana Mirtha Marciale Cuba en mi recuerdo Ana Mirtha Marciale Una bomba en el juzgado Mar\u00eda Adela Barraza Animarse M\u00f3nica Pi\u00f1eiro La urdimbre M\u00f3nica Pi\u00f1eiro Paralelismos Miriam Liliana Salvador Mis pasos Mar\u00eda Beatriz Castillo El pocito Adriana Corsaletti Motorcito propio [&hellip;]<\/p>\n","protected":false},"author":1,"featured_media":0,"parent":0,"menu_order":0,"comment_status":"closed","ping_status":"closed","template":"pg_indice-entre-sierras-valles-y-rios.php","meta":{"_acf_changed":false,"footnotes":""},"class_list":["post-237","page","type-page","status-publish","hentry"],"acf":[],"_links":{"self":[{"href":"https:\/\/nosotrasenlibertad.com\/libroweb\/wp-json\/wp\/v2\/pages\/237","targetHints":{"allow":["GET"]}}],"collection":[{"href":"https:\/\/nosotrasenlibertad.com\/libroweb\/wp-json\/wp\/v2\/pages"}],"about":[{"href":"https:\/\/nosotrasenlibertad.com\/libroweb\/wp-json\/wp\/v2\/types\/page"}],"author":[{"embeddable":true,"href":"https:\/\/nosotrasenlibertad.com\/libroweb\/wp-json\/wp\/v2\/users\/1"}],"replies":[{"embeddable":true,"href":"https:\/\/nosotrasenlibertad.com\/libroweb\/wp-json\/wp\/v2\/comments?post=237"}],"version-history":[{"count":125,"href":"https:\/\/nosotrasenlibertad.com\/libroweb\/wp-json\/wp\/v2\/pages\/237\/revisions"}],"predecessor-version":[{"id":13334,"href":"https:\/\/nosotrasenlibertad.com\/libroweb\/wp-json\/wp\/v2\/pages\/237\/revisions\/13334"}],"wp:attachment":[{"href":"https:\/\/nosotrasenlibertad.com\/libroweb\/wp-json\/wp\/v2\/media?parent=237"}],"curies":[{"name":"wp","href":"https:\/\/api.w.org\/{rel}","templated":true}]}}